{"id":15,"date":"2017-02-28T21:30:31","date_gmt":"2017-02-28T20:30:31","guid":{"rendered":"http:\/\/54.37.156.109\/?page_id=8"},"modified":"2025-11-22T06:47:52","modified_gmt":"2025-11-22T05:47:52","slug":"histoire","status":"publish","type":"page","link":"http:\/\/www.clubalpine.net\/index.php\/club\/histoire\/","title":{"rendered":"# Un peu d&rsquo;Histoire\u2026"},"content":{"rendered":"<p><strong>L\u2019histoire de l\u2019Association Sportive des Alpine du Nord : plus de 40 ans de passion !<\/strong><\/p>\n<p>L\u2019Association Sportive des Alpine du Nord na\u00eet le\u00a0<strong>11 juillet 1983<\/strong>\u00a0gr\u00e2ce \u00e0 une \u00e9quipe de passionn\u00e9s bien d\u00e9cid\u00e9s \u00e0 faire vivre l\u2019esprit Alpine dans le Nord de la France. Sous la pr\u00e9sidence de\u00a0<strong>Pierre Henquenet<\/strong>, le si\u00e8ge s\u2019installe \u00e0\u00a0<strong>Arras (62)<\/strong>et lance l\u2019aventure d\u2019un club qui ne cessera de grandir.<\/p>\n<p>En\u00a0<strong>1993<\/strong>,\u00a0<strong>Denis Hu<\/strong>, l\u2019un des fondateurs, prend la pr\u00e9sidence et installe le si\u00e8ge \u00e0\u00a0<strong>\u00c9curie (62)<\/strong>. Le club poursuit alors sa structuration et \u00e9tend progressivement son influence r\u00e9gionale.<\/p>\n<p>En\u00a0<strong>2001<\/strong>, le si\u00e8ge d\u00e9m\u00e9nage \u00e0\u00a0<strong>Quesnoy-sur-De\u00fble (59)<\/strong>.\u00a0<strong>Ren\u00e9 Stienne<\/strong>, troisi\u00e8me pr\u00e9sident, v\u00e9ritable figure de l\u2019univers Alpine et ancien garagiste Renault, marque de son expertise et de sa passion cette nouvelle \u00e9tape du club.<\/p>\n<p>Le\u00a0<strong>19 novembre 2006<\/strong>,\u00a0<strong>Marcel Braulle<\/strong>, membre actif depuis 1995, devient pr\u00e9sident. Sous son mandat, l\u2019ASAN renforce son dynamisme et s\u2019ouvre \u00e0 de nouveaux passionn\u00e9s. D\u00e8s\u00a0<strong>2008<\/strong>, le si\u00e8ge est transf\u00e9r\u00e9 \u00e0\u00a0<strong>Coulogne (62)<\/strong>\u00a0et le club atteint\u00a0<strong>131 membres<\/strong>, preuve de son attractivit\u00e9 grandissante.<\/p>\n<p>Le\u00a0<strong>18 octobre 2009<\/strong>, une nouvelle \u00e9nergie arrive avec\u00a0<strong>David Robache<\/strong>, membre depuis 1993 et cr\u00e9ateur du forum \u00ab Les Belles Alpine du Nord \u00bb. Son focus sur la communication digitale apporte un souffle nouveau \u00e0 l\u2019association.<\/p>\n<p>En\u00a0<strong>2012<\/strong>, David transmet la pr\u00e9sidence \u00e0\u00a0<strong>Marcel Braulle<\/strong>, qui poursuit son engagement avec passion et continuit\u00e9.<\/p>\n<p>Puis, le\u00a0<strong>16 octobre 2025<\/strong>, une nouvelle page s\u2019ouvre :<br \/><strong>David Robache<\/strong>, fid\u00e8le membre depuis plus de trente ans et administrateur de plusieurs r\u00e9seaux sociaux d\u00e9di\u00e9s \u00e0 l\u2019univers Alpine,\u00a0<strong>reprend la pr\u00e9sidence<\/strong>\u00a0et devient le\u00a0<strong>6\u1d49 pr\u00e9sident de l\u2019ASAN<\/strong>.<br \/>Son ambition : moderniser la communication, renforcer les liens entre les membres et faire rayonner plus que jamais l\u2019esprit Alpine dans toute la r\u00e9gion.<\/p>\n<p>Aujourd\u2019hui, l\u2019ASAN s\u2019appuie sur un\u00a0<strong>bureau de b\u00e9n\u00e9voles motiv\u00e9s<\/strong>, qui mettent toute leur \u00e9nergie pour proposer sorties, \u00e9v\u00e9nements, expositions et moments de convivialit\u00e9 autour d\u2019une passion commune :\u00a0<strong>Alpine !<\/strong><\/p>\n\n\n<div id='gallery-1' class='gallery galleryid-15 gallery-columns-3 gallery-size-thumbnail'><figure class='gallery-item'>\n\t\t\t<div class='gallery-icon landscape'>\n\t\t\t\t<a href='http:\/\/www.clubalpine.net\/img_20170908_202541_38245963351_o\/'><img loading=\"lazy\" decoding=\"async\" width=\"150\" height=\"150\" src=\"http:\/\/www.clubalpine.net\/wp-content\/uploads\/2018\/01\/img_20170908_202541_38245963351_o-150x150.jpg\" class=\"attachment-thumbnail size-thumbnail\" alt=\"\" \/><\/a>\n\t\t\t<\/div><\/figure><figure class='gallery-item'>\n\t\t\t<div class='gallery-icon landscape'>\n\t\t\t\t<a href='http:\/\/www.clubalpine.net\/imag4417_24372030788_o\/'><img loading=\"lazy\" decoding=\"async\" width=\"150\" height=\"150\" src=\"http:\/\/www.clubalpine.net\/wp-content\/uploads\/2018\/01\/imag4417_24372030788_o-150x150.jpg\" class=\"attachment-thumbnail size-thumbnail\" alt=\"\" \/><\/a>\n\t\t\t<\/div><\/figure><figure class='gallery-item'>\n\t\t\t<div class='gallery-icon landscape'>\n\t\t\t\t<a href='http:\/\/www.clubalpine.net\/p1110185-copie_24362903368_o\/'><img loading=\"lazy\" decoding=\"async\" width=\"150\" height=\"150\" src=\"http:\/\/www.clubalpine.net\/wp-content\/uploads\/2018\/01\/p1110185-copie_24362903368_o-150x150.jpg\" class=\"attachment-thumbnail size-thumbnail\" alt=\"\" \/><\/a>\n\t\t\t<\/div><\/figure><figure class='gallery-item'>\n\t\t\t<div class='gallery-icon landscape'>\n\t\t\t\t<a href='http:\/\/www.clubalpine.net\/fb_img_1505762470083_24362903918_o\/'><img loading=\"lazy\" decoding=\"async\" width=\"150\" height=\"150\" src=\"http:\/\/www.clubalpine.net\/wp-content\/uploads\/2018\/01\/fb_img_1505762470083_24362903918_o-150x150.jpg\" class=\"attachment-thumbnail size-thumbnail\" alt=\"\" \/><\/a>\n\t\t\t<\/div><\/figure><figure class='gallery-item'>\n\t\t\t<div class='gallery-icon landscape'>\n\t\t\t\t<a href='http:\/\/www.clubalpine.net\/index.php\/2019\/07\/06\/assemblee-generale-2019\/received_515363659316302\/'><img loading=\"lazy\" decoding=\"async\" width=\"150\" height=\"150\" src=\"http:\/\/www.clubalpine.net\/wp-content\/uploads\/2020\/07\/received_515363659316302-150x150.jpeg\" class=\"attachment-thumbnail size-thumbnail\" alt=\"\" \/><\/a>\n\t\t\t<\/div><\/figure><figure class='gallery-item'>\n\t\t\t<div class='gallery-icon landscape'>\n\t\t\t\t<a href='http:\/\/www.clubalpine.net\/index.php\/2021\/09\/15\/croix-en-ternois-2021\/p1000057\/'><img loading=\"lazy\" decoding=\"async\" width=\"150\" height=\"150\" src=\"http:\/\/www.clubalpine.net\/wp-content\/uploads\/2021\/09\/P1000057-150x150.jpg\" class=\"attachment-thumbnail size-thumbnail\" alt=\"\" \/><\/a>\n\t\t\t<\/div><\/figure><figure class='gallery-item'>\n\t\t\t<div class='gallery-icon landscape'>\n\t\t\t\t<a href='http:\/\/www.clubalpine.net\/index.php\/2022\/08\/30\/balade-des-chapelles-et-des-moulins\/299731522_1669791413390787_1650650433074913243_n\/'><img loading=\"lazy\" decoding=\"async\" width=\"150\" height=\"150\" src=\"http:\/\/www.clubalpine.net\/wp-content\/uploads\/2022\/08\/299731522_1669791413390787_1650650433074913243_n-150x150.jpg\" class=\"attachment-thumbnail size-thumbnail\" alt=\"\" \/><\/a>\n\t\t\t<\/div><\/figure><figure class='gallery-item'>\n\t\t\t<div class='gallery-icon landscape'>\n\t\t\t\t<a href='http:\/\/www.clubalpine.net\/index.php\/2022\/09\/11\/croix-en-ternois-2022\/p1040552\/'><img loading=\"lazy\" decoding=\"async\" width=\"150\" height=\"150\" src=\"http:\/\/www.clubalpine.net\/wp-content\/uploads\/2022\/09\/P1040552-150x150.jpg\" class=\"attachment-thumbnail size-thumbnail\" alt=\"\" \/><\/a>\n\t\t\t<\/div><\/figure><figure class='gallery-item'>\n\t\t\t<div class='gallery-icon landscape'>\n\t\t\t\t<a href='http:\/\/www.clubalpine.net\/index.php\/2022\/09\/11\/croix-en-ternois-2022\/p1040539\/'><img loading=\"lazy\" decoding=\"async\" width=\"150\" height=\"150\" src=\"http:\/\/www.clubalpine.net\/wp-content\/uploads\/2022\/09\/P1040539-150x150.jpg\" class=\"attachment-thumbnail size-thumbnail\" alt=\"\" \/><\/a>\n\t\t\t<\/div><\/figure>\n\t\t<\/div>\n\n","protected":false},"excerpt":{"rendered":"<p>L\u2019histoire de l\u2019Association Sportive des Alpine du Nord : plus de 40 ans de passion ! L\u2019Association Sportive des Alpine du Nord na\u00eet le\u00a011 juillet 1983\u00a0gr\u00e2ce \u00e0 une \u00e9quipe de passionn\u00e9s bien d\u00e9cid\u00e9s \u00e0 faire vivre l\u2019esprit Alpine dans le Nord de la France. Sous la pr\u00e9sidence de\u00a0Pierre Henquenet, le si\u00e8ge s\u2019installe \u00e0\u00a0Arras (62)et lance l\u2019aventure d\u2019un club qui ne cessera de grandir. En\u00a01993,\u00a0Denis Hu, l\u2019un des fondateurs, prend la pr\u00e9sidence et installe le si\u00e8ge \u00e0\u00a0\u00c9curie (62). Le club poursuit alors sa structuration et \u00e9tend progressivement son influence r\u00e9gionale. En\u00a02001, le si\u00e8ge d\u00e9m\u00e9nage \u00e0\u00a0Quesnoy-sur-De\u00fble (59).\u00a0Ren\u00e9 Stienne, troisi\u00e8me pr\u00e9sident, v\u00e9ritable figure de l\u2019univers Alpine et ancien garagiste Renault, marque de son expertise et de sa passion cette nouvelle \u00e9tape du club. Le\u00a019 novembre 2006,\u00a0Marcel Braulle, membre actif depuis 1995, devient pr\u00e9sident. Sous son mandat, l\u2019ASAN renforce son dynamisme et s\u2019ouvre \u00e0 de nouveaux passionn\u00e9s. D\u00e8s\u00a02008, le si\u00e8ge est transf\u00e9r\u00e9 \u00e0\u00a0Coulogne (62)\u00a0et le club atteint\u00a0131 membres, preuve de son attractivit\u00e9 grandissante. Le\u00a018 octobre 2009, une nouvelle \u00e9nergie arrive avec\u00a0David Robache, membre depuis 1993 et cr\u00e9ateur du forum \u00ab Les Belles Alpine du Nord \u00bb. Son focus sur la communication digitale apporte un souffle nouveau \u00e0 l\u2019association. En\u00a02012, David transmet la pr\u00e9sidence \u00e0\u00a0Marcel Braulle, qui poursuit son engagement avec passion et continuit\u00e9. Puis, le\u00a016 octobre 2025, une nouvelle page s\u2019ouvre :David Robache, fid\u00e8le membre depuis plus de trente ans et administrateur de plusieurs r\u00e9seaux sociaux d\u00e9di\u00e9s \u00e0 l\u2019univers Alpine,\u00a0reprend la pr\u00e9sidence\u00a0et devient le\u00a06\u1d49 pr\u00e9sident de l\u2019ASAN.Son ambition : moderniser la communication, renforcer les liens entre les membres et faire rayonner plus que jamais l\u2019esprit Alpine dans toute la r\u00e9gion. Aujourd\u2019hui, l\u2019ASAN s\u2019appuie sur un\u00a0bureau de b\u00e9n\u00e9voles motiv\u00e9s, qui mettent toute leur \u00e9nergie pour proposer sorties, \u00e9v\u00e9nements, expositions et moments de convivialit\u00e9 autour d\u2019une passion commune :\u00a0Alpine !<\/p>\n","protected":false},"author":2,"featured_media":0,"parent":16,"menu_order":0,"comment_status":"closed","ping_status":"closed","template":"","meta":{"_EventAllDay":false,"_EventTimezone":"","_EventStartDate":"","_EventEndDate":"","_EventStartDateUTC":"","_EventEndDateUTC":"","_EventShowMap":false,"_EventShowMapLink":false,"_EventURL":"","_EventCost":"","_EventCostDescription":"","_EventCurrencySymbol":"","_EventCurrencyCode":"","_EventCurrencyPosition":"","_EventDateTimeSeparator":"","_EventTimeRangeSeparator":"","_EventOrganizerID":[],"_EventVenueID":[],"_OrganizerEmail":"","_OrganizerPhone":"","_OrganizerWebsite":"","_VenueAddress":"","_VenueCity":"","_VenueCountry":"","_VenueProvince":"","_VenueState":"","_VenueZip":"","_VenuePhone":"","_VenueURL":"","_VenueStateProvince":"","_VenueLat":"","_VenueLng":"","_VenueShowMap":false,"_VenueShowMapLink":false,"footnotes":""},"class_list":["post-15","page","type-page","status-publish","hentry"],"_links":{"self":[{"href":"http:\/\/www.clubalpine.net\/index.php\/wp-json\/wp\/v2\/pages\/15","targetHints":{"allow":["GET"]}}],"collection":[{"href":"http:\/\/www.clubalpine.net\/index.php\/wp-json\/wp\/v2\/pages"}],"about":[{"href":"http:\/\/www.clubalpine.net\/index.php\/wp-json\/wp\/v2\/types\/page"}],"author":[{"embeddable":true,"href":"http:\/\/www.clubalpine.net\/index.php\/wp-json\/wp\/v2\/users\/2"}],"replies":[{"embeddable":true,"href":"http:\/\/www.clubalpine.net\/index.php\/wp-json\/wp\/v2\/comments?post=15"}],"version-history":[{"count":5,"href":"http:\/\/www.clubalpine.net\/index.php\/wp-json\/wp\/v2\/pages\/15\/revisions"}],"predecessor-version":[{"id":3002,"href":"http:\/\/www.clubalpine.net\/index.php\/wp-json\/wp\/v2\/pages\/15\/revisions\/3002"}],"up":[{"embeddable":true,"href":"http:\/\/www.clubalpine.net\/index.php\/wp-json\/wp\/v2\/pages\/16"}],"wp:attachment":[{"href":"http:\/\/www.clubalpine.net\/index.php\/wp-json\/wp\/v2\/media?parent=15"}],"curies":[{"name":"wp","href":"https:\/\/api.w.org\/{rel}","templated":true}]}}